{"id":18660,"date":"2023-05-16T07:35:18","date_gmt":"2023-05-16T06:35:18","guid":{"rendered":"https:\/\/xn--urbaseal-i3a.es\/?page_id=18660"},"modified":"2023-08-07T09:11:23","modified_gmt":"2023-08-07T08:11:23","slug":"subvencion","status":"publish","type":"page","link":"https:\/\/xn--urbaseal-i3a.es\/?page_id=18660","title":{"rendered":"Subvenci\u00f3n"},"content":{"rendered":"\t\t<div data-elementor-type=\"wp-page\" data-elementor-id=\"18660\" class=\"elementor elementor-18660\">\n\t\t\t\t\t\t<section class=\"wd-negative-gap elementor-section elementor-top-section elementor-element elementor-element-8aeb8d7 elementor-section-boxed elementor-section-height-default elementor-section-height-default\" data-id=\"8aeb8d7\" data-element_type=\"section\" data-e-type=\"section\">\n\t\t\t\t\t\t<div class=\"elementor-container elementor-column-gap-default\">\n\t\t\t\t\t<div class=\"elementor-column elementor-col-100 elementor-top-column elementor-element elementor-element-82fdbbe\" data-id=\"82fdbbe\" data-element_type=\"column\" data-e-type=\"column\">\n\t\t\t<div class=\"elementor-widget-wrap elementor-element-populated\">\n\t\t\t\t\t\t<div class=\"elementor-element elementor-element-1d4f3fc elementor-widget elementor-widget-heading\" data-id=\"1d4f3fc\" data-element_type=\"widget\" data-e-type=\"widget\" data-widget_type=\"heading.default\">\n\t\t\t\t<div class=\"elementor-widget-container\">\n\t\t\t\t\t<h1 class=\"elementor-heading-title elementor-size-default\">Proyecto de desarrollo web e implantaci\u00f3n, fomento de la presencia \u201cOn line\u201d mediante la implantaci\u00f3n de una estrategia de posicionamiento SEO, implantaci\u00f3n de una estrategia de posicionamiento SEM, gesti\u00f3n de presencia en internet y mejora de imagen digital en las empresas de la Comunidad Aut\u00f3noma de Extremadura<\/h1>\t\t\t\t<\/div>\n\t\t\t\t<\/div>\n\t\t\t\t\t<\/div>\n\t\t<\/div>\n\t\t\t\t\t<\/div>\n\t\t<\/section>\n\t\t\t\t<section class=\"wd-negative-gap elementor-section elementor-top-section elementor-element elementor-element-7c0ff69 elementor-section-boxed elementor-section-height-default elementor-section-height-default\" data-id=\"7c0ff69\" data-element_type=\"section\" data-e-type=\"section\">\n\t\t\t\t\t\t<div class=\"elementor-container elementor-column-gap-default\">\n\t\t\t\t\t<div class=\"elementor-column elementor-col-100 elementor-top-column elementor-element elementor-element-def6009\" data-id=\"def6009\" data-element_type=\"column\" data-e-type=\"column\">\n\t\t\t<div class=\"elementor-widget-wrap elementor-element-populated\">\n\t\t\t\t\t\t<div class=\"elementor-element elementor-element-afca545 elementor-widget elementor-widget-heading\" data-id=\"afca545\" data-element_type=\"widget\" data-e-type=\"widget\" data-widget_type=\"heading.default\">\n\t\t\t\t<div class=\"elementor-widget-container\">\n\t\t\t\t\t<h2 class=\"elementor-heading-title elementor-size-default\">DESCRIPCI\u00d3N DE LA OPERACI\u00d3N<\/h2>\t\t\t\t<\/div>\n\t\t\t\t<\/div>\n\t\t\t\t\t<\/div>\n\t\t<\/div>\n\t\t\t\t\t<\/div>\n\t\t<\/section>\n\t\t\t\t<section class=\"wd-negative-gap elementor-section elementor-top-section elementor-element elementor-element-2827d1b elementor-section-boxed elementor-section-height-default elementor-section-height-default\" data-id=\"2827d1b\" data-element_type=\"section\" data-e-type=\"section\">\n\t\t\t\t\t\t<div class=\"elementor-container elementor-column-gap-default\">\n\t\t\t\t\t<div class=\"elementor-column elementor-col-100 elementor-top-column elementor-element elementor-element-cd74b5c\" data-id=\"cd74b5c\" data-element_type=\"column\" data-e-type=\"column\">\n\t\t\t<div class=\"elementor-widget-wrap elementor-element-populated\">\n\t\t\t\t\t\t<div class=\"elementor-element elementor-element-e1aea70 elementor-widget elementor-widget-wd_text_block\" data-id=\"e1aea70\" data-element_type=\"widget\" data-e-type=\"widget\" data-widget_type=\"wd_text_block.default\">\n\t\t\t\t<div class=\"elementor-widget-container\">\n\t\t\t\t\t\t\t<div class=\"wd-text-block reset-last-child text-left\">\n\t\t\t\n\t\t\t<p>El presente decreto tiene como objeto establecer las bases reguladoras de las ayudas a conceder en r\u00e9gimen de concesi\u00f3n directa, mediante convocatoria abierta, para el impulso de la digitalizaci\u00f3n de las pymes mediante la implantaci\u00f3n de servicios de comercio electr\u00f3nico y N\u00daMERO 251 Viernes, 31 de diciembre de 2021 64177 TIC en la Comunidad Aut\u00f3noma de Extremadura, y aprobar su primera convocatoria, siendo el principal objetivo de estas ayudas mejorar la productividad y competitividad mediante la aplicaci\u00f3n de conocimientos y nuevas tecnolog\u00edas en el \u00e1mbito empresarial y comercial.<\/p>\n\t\t\t\t\t<\/div>\n\t\t\t\t\t\t<\/div>\n\t\t\t\t<\/div>\n\t\t\t\t\t<\/div>\n\t\t<\/div>\n\t\t\t\t\t<\/div>\n\t\t<\/section>\n\t\t\t\t<section class=\"wd-negative-gap elementor-section elementor-top-section elementor-element elementor-element-8a73ba1 elementor-section-boxed elementor-section-height-default elementor-section-height-default\" data-id=\"8a73ba1\" data-element_type=\"section\" data-e-type=\"section\">\n\t\t\t\t\t\t<div class=\"elementor-container elementor-column-gap-default\">\n\t\t\t\t\t<div class=\"elementor-column elementor-col-100 elementor-top-column elementor-element elementor-element-705f4f9\" data-id=\"705f4f9\" data-element_type=\"column\" data-e-type=\"column\">\n\t\t\t<div class=\"elementor-widget-wrap elementor-element-populated\">\n\t\t\t\t\t\t<div class=\"elementor-element elementor-element-4d86cf6 elementor-widget elementor-widget-heading\" data-id=\"4d86cf6\" data-element_type=\"widget\" data-e-type=\"widget\" data-widget_type=\"heading.default\">\n\t\t\t\t<div class=\"elementor-widget-container\">\n\t\t\t\t\t<h2 class=\"elementor-heading-title elementor-size-default\">DESCRIPCI\u00d3N DEL PROYECTO<\/h2>\t\t\t\t<\/div>\n\t\t\t\t<\/div>\n\t\t\t\t\t<\/div>\n\t\t<\/div>\n\t\t\t\t\t<\/div>\n\t\t<\/section>\n\t\t\t\t<section class=\"wd-negative-gap elementor-section elementor-top-section elementor-element elementor-element-24ec248 elementor-section-boxed elementor-section-height-default elementor-section-height-default\" data-id=\"24ec248\" data-element_type=\"section\" data-e-type=\"section\">\n\t\t\t\t\t\t<div class=\"elementor-container elementor-column-gap-default\">\n\t\t\t\t\t<div class=\"elementor-column elementor-col-100 elementor-top-column elementor-element elementor-element-13668d2\" data-id=\"13668d2\" data-element_type=\"column\" data-e-type=\"column\">\n\t\t\t<div class=\"elementor-widget-wrap elementor-element-populated\">\n\t\t\t\t\t\t<div class=\"elementor-element elementor-element-cff5fde elementor-widget elementor-widget-wd_text_block\" data-id=\"cff5fde\" data-element_type=\"widget\" data-e-type=\"widget\" data-widget_type=\"wd_text_block.default\">\n\t\t\t\t<div class=\"elementor-widget-container\">\n\t\t\t\t\t\t\t<div class=\"wd-text-block reset-last-child text-left\">\n\t\t\t\n\t\t\t<p>Desarrollo de p\u00e1gina web e implantaci\u00f3n, donde se detallan los servicios de la empresa, sobre la cual llevaremos a cabo una estrategia de posicionamiento SEO para posicionarla en los buscadores y estrategia SEM, gesti\u00f3n de presencia en internet al igual que la mejora de la imagen digital de la empresa.<\/p>\n\t\t\t\t\t<\/div>\n\t\t\t\t\t\t<\/div>\n\t\t\t\t<\/div>\n\t\t\t\t\t<\/div>\n\t\t<\/div>\n\t\t\t\t\t<\/div>\n\t\t<\/section>\n\t\t\t\t<section class=\"wd-negative-gap elementor-section elementor-top-section elementor-element elementor-element-e251c01 elementor-section-boxed elementor-section-height-default elementor-section-height-default\" data-id=\"e251c01\" data-element_type=\"section\" data-e-type=\"section\">\n\t\t\t\t\t\t<div class=\"elementor-container elementor-column-gap-default\">\n\t\t\t\t\t<div class=\"elementor-column elementor-col-100 elementor-top-column elementor-element elementor-element-abbf0e1\" data-id=\"abbf0e1\" data-element_type=\"column\" data-e-type=\"column\">\n\t\t\t<div class=\"elementor-widget-wrap elementor-element-populated\">\n\t\t\t\t\t\t<div class=\"elementor-element elementor-element-6e423a9 elementor-widget elementor-widget-heading\" data-id=\"6e423a9\" data-element_type=\"widget\" data-e-type=\"widget\" data-widget_type=\"heading.default\">\n\t\t\t\t<div class=\"elementor-widget-container\">\n\t\t\t\t\t<h2 class=\"elementor-heading-title elementor-size-default\">OBJETIVOS<\/h2>\t\t\t\t<\/div>\n\t\t\t\t<\/div>\n\t\t\t\t\t<\/div>\n\t\t<\/div>\n\t\t\t\t\t<\/div>\n\t\t<\/section>\n\t\t\t\t<section class=\"wd-negative-gap elementor-section elementor-top-section elementor-element elementor-element-cfa2067 elementor-section-boxed elementor-section-height-default elementor-section-height-default\" data-id=\"cfa2067\" data-element_type=\"section\" data-e-type=\"section\">\n\t\t\t\t\t\t<div class=\"elementor-container elementor-column-gap-default\">\n\t\t\t\t\t<div class=\"elementor-column elementor-col-100 elementor-top-column elementor-element elementor-element-ec078b8\" data-id=\"ec078b8\" data-element_type=\"column\" data-e-type=\"column\">\n\t\t\t<div class=\"elementor-widget-wrap elementor-element-populated\">\n\t\t\t\t\t\t<div class=\"elementor-element elementor-element-76c50e0 elementor-widget elementor-widget-wd_text_block\" data-id=\"76c50e0\" data-element_type=\"widget\" data-e-type=\"widget\" data-widget_type=\"wd_text_block.default\">\n\t\t\t\t<div class=\"elementor-widget-container\">\n\t\t\t\t\t\t\t<div class=\"wd-text-block reset-last-child text-left\">\n\t\t\t\n\t\t\t<p><strong>Espec\u00edfico de la operaci\u00f3n:<\/strong>\u00a0\u201cmejorar la productividad y competitividad mediante la aplicaci\u00f3n de conocimientos y nuevas tecnolog\u00edas en el \u00e1mbito empresarial y comercial.\u201d.<\/p><p><strong>Del proyecto subvencionado:<\/strong>\u00a0Dar a conocer y promocionar la empresa y los servicios que comercializa, afianzar el canal de ventas online para captar nuevos clientes y aumentar ventas. Mejorar la imagen y difusi\u00f3n de la empresa.<\/p><p><strong>BASE REGULADORA:<\/strong>\u00a0 DECRETO 132\/2021, de 24 de noviembre, por el que se establecen las bases reguladoras para la concesi\u00f3n de subvenciones destinadas a impulsar la digitalizaci\u00f3n de las pymes mediante la implantaci\u00f3n de servicios de comercio electr\u00f3nico y TIC en la Comunidad Aut\u00f3noma de Extremadura y se aprueba<br \/>la primera convocatoria.<\/p><p><strong>INVERSI\u00d3N SOLICITADA:<\/strong> 14.999,60 \u20ac<\/p><p><strong>INVERSI\u00d3N APROBADA:<\/strong> 14.999,60 \u20ac<\/p><p><strong>SUBVENCI\u00d3N CONCEDIDA:<\/strong> 11.839,68 \u20ac<\/p><p><strong>FONDO:<\/strong>\u00a0Fondo Europeo de Desarrollo Regional (FEDER)<\/p><p><strong>RESULTADOS PREVISTOS:<\/strong>\u00a0Mejorar la imagen y presencia en internet.<\/p>\n\t\t\t\t\t<\/div>\n\t\t\t\t\t\t<\/div>\n\t\t\t\t<\/div>\n\t\t\t\t\t<\/div>\n\t\t<\/div>\n\t\t\t\t\t<\/div>\n\t\t<\/section>\n\t\t\t\t<section class=\"wd-negative-gap elementor-section elementor-top-section elementor-element elementor-element-0b39e8b elementor-section-boxed elementor-section-height-default elementor-section-height-default\" data-id=\"0b39e8b\" data-element_type=\"section\" data-e-type=\"section\">\n\t\t\t\t\t\t<div class=\"elementor-container elementor-column-gap-default\">\n\t\t\t\t\t<div class=\"elementor-column elementor-col-50 elementor-top-column elementor-element elementor-element-27374b8\" data-id=\"27374b8\" data-element_type=\"column\" data-e-type=\"column\">\n\t\t\t<div class=\"elementor-widget-wrap elementor-element-populated\">\n\t\t\t\t\t\t<div class=\"elementor-element elementor-element-a491547 elementor-widget elementor-widget-image\" data-id=\"a491547\" data-element_type=\"widget\" data-e-type=\"widget\" data-widget_type=\"image.default\">\n\t\t\t\t<div class=\"elementor-widget-container\">\n\t\t\t\t\t\t\t\t\t\t\t\t\t\t\t<img loading=\"lazy\" decoding=\"async\" width=\"400\" height=\"106\" src=\"https:\/\/xn--urbaseal-i3a.es\/wp-content\/uploads\/2023\/08\/UE-FEDER_0-400x106.jpg\" class=\"attachment-medium size-medium wp-image-19134\" alt=\"Logo del Fondo Europeo de Desarrollo Regional de la Uni\u00f3n Europea\" srcset=\"https:\/\/xn--urbaseal-i3a.es\/wp-content\/uploads\/2023\/08\/UE-FEDER_0-400x106.jpg 400w, https:\/\/xn--urbaseal-i3a.es\/wp-content\/uploads\/2023\/08\/UE-FEDER_0-430x114.jpg 430w, https:\/\/xn--urbaseal-i3a.es\/wp-content\/uploads\/2023\/08\/UE-FEDER_0-150x40.jpg 150w, https:\/\/xn--urbaseal-i3a.es\/wp-content\/uploads\/2023\/08\/UE-FEDER_0-700x185.jpg 700w, https:\/\/xn--urbaseal-i3a.es\/wp-content\/uploads\/2023\/08\/UE-FEDER_0.jpg 746w\" sizes=\"auto, (max-width: 400px) 100vw, 400px\" \/>\t\t\t\t\t\t\t\t\t\t\t\t\t\t\t<\/div>\n\t\t\t\t<\/div>\n\t\t\t\t\t<\/div>\n\t\t<\/div>\n\t\t\t\t<div class=\"elementor-column elementor-col-50 elementor-top-column elementor-element elementor-element-acb611e\" data-id=\"acb611e\" data-element_type=\"column\" data-e-type=\"column\">\n\t\t\t<div class=\"elementor-widget-wrap elementor-element-populated\">\n\t\t\t\t\t\t<div class=\"elementor-element elementor-element-a756bb6 elementor-widget elementor-widget-image\" data-id=\"a756bb6\" data-element_type=\"widget\" data-e-type=\"widget\" data-widget_type=\"image.default\">\n\t\t\t\t<div class=\"elementor-widget-container\">\n\t\t\t\t\t\t\t\t\t\t\t\t\t\t\t<img loading=\"lazy\" decoding=\"async\" width=\"400\" height=\"113\" src=\"https:\/\/xn--urbaseal-i3a.es\/wp-content\/uploads\/2023\/08\/20220621_2022061984_4-400x113.jpg\" class=\"attachment-medium size-medium wp-image-19145\" alt=\"Logo de la Consejer\u00eda de Econom\u00eda, Ciencia y Agenda Digital de la Junta de Extremadura\" srcset=\"https:\/\/xn--urbaseal-i3a.es\/wp-content\/uploads\/2023\/08\/20220621_2022061984_4-400x113.jpg 400w, https:\/\/xn--urbaseal-i3a.es\/wp-content\/uploads\/2023\/08\/20220621_2022061984_4-scaled-430x121.jpg 430w, https:\/\/xn--urbaseal-i3a.es\/wp-content\/uploads\/2023\/08\/20220621_2022061984_4-scaled-150x42.jpg 150w, https:\/\/xn--urbaseal-i3a.es\/wp-content\/uploads\/2023\/08\/20220621_2022061984_4-scaled-700x198.jpg 700w, https:\/\/xn--urbaseal-i3a.es\/wp-content\/uploads\/2023\/08\/20220621_2022061984_4-1300x367.jpg 1300w, https:\/\/xn--urbaseal-i3a.es\/wp-content\/uploads\/2023\/08\/20220621_2022061984_4-768x217.jpg 768w, https:\/\/xn--urbaseal-i3a.es\/wp-content\/uploads\/2023\/08\/20220621_2022061984_4-1536x434.jpg 1536w, https:\/\/xn--urbaseal-i3a.es\/wp-content\/uploads\/2023\/08\/20220621_2022061984_4-2048x578.jpg 2048w, https:\/\/xn--urbaseal-i3a.es\/wp-content\/uploads\/2023\/08\/20220621_2022061984_4-860x243.jpg 860w\" sizes=\"auto, (max-width: 400px) 100vw, 400px\" \/>\t\t\t\t\t\t\t\t\t\t\t\t\t\t\t<\/div>\n\t\t\t\t<\/div>\n\t\t\t\t\t<\/div>\n\t\t<\/div>\n\t\t\t\t\t<\/div>\n\t\t<\/section>\n\t\t\t\t<\/div>\n\t\t","protected":false},"excerpt":{"rendered":"<p>Proyecto de desarrollo web e implantaci\u00f3n, fomento de la presencia \u201cOn line\u201d mediante la implantaci\u00f3n de una estrategia de posicionamiento<\/p>\n","protected":false},"author":1,"featured_media":0,"parent":0,"menu_order":0,"comment_status":"closed","ping_status":"closed","template":"","meta":{"footnotes":""},"class_list":["post-18660","page","type-page","status-publish","hentry"],"aioseo_notices":[],"_links":{"self":[{"href":"https:\/\/xn--urbaseal-i3a.es\/index.php?rest_route=\/wp\/v2\/pages\/18660","targetHints":{"allow":["GET"]}}],"collection":[{"href":"https:\/\/xn--urbaseal-i3a.es\/index.php?rest_route=\/wp\/v2\/pages"}],"about":[{"href":"https:\/\/xn--urbaseal-i3a.es\/index.php?rest_route=\/wp\/v2\/types\/page"}],"author":[{"embeddable":true,"href":"https:\/\/xn--urbaseal-i3a.es\/index.php?rest_route=\/wp\/v2\/users\/1"}],"replies":[{"embeddable":true,"href":"https:\/\/xn--urbaseal-i3a.es\/index.php?rest_route=%2Fwp%2Fv2%2Fcomments&post=18660"}],"version-history":[{"count":56,"href":"https:\/\/xn--urbaseal-i3a.es\/index.php?rest_route=\/wp\/v2\/pages\/18660\/revisions"}],"predecessor-version":[{"id":19156,"href":"https:\/\/xn--urbaseal-i3a.es\/index.php?rest_route=\/wp\/v2\/pages\/18660\/revisions\/19156"}],"wp:attachment":[{"href":"https:\/\/xn--urbaseal-i3a.es\/index.php?rest_route=%2Fwp%2Fv2%2Fmedia&parent=18660"}],"curies":[{"name":"wp","href":"https:\/\/api.w.org\/{rel}","templated":true}]}}